{"id":1785,"date":"2024-03-22T18:49:14","date_gmt":"2024-03-22T17:49:14","guid":{"rendered":"https:\/\/ateliersdefred.fr\/?product=plaque-de-pierre-en-selenite"},"modified":"2024-03-22T18:49:14","modified_gmt":"2024-03-22T17:49:14","slug":"plaque-de-pierre-en-selenite","status":"publish","type":"product","link":"https:\/\/ateliersdefred.fr\/?product=plaque-de-pierre-en-selenite","title":{"rendered":"Plaque de pierre en S\u00e9l\u00e9nite"},"content":{"rendered":"<h1><strong><em><u>La s\u00e9l\u00e9nite:<\/u><\/em><\/strong><\/h1>\n<p>dont le nom d\u00e9rive du grec \u00ab\u00a0s\u00e9l\u00e9n\u00e9\u00a0\u00bb, signifiant lune, \u00e9voque la luminosit\u00e9 douce et le calme de son homonyme c\u00e9leste. Cette pierre est tr\u00e8s pris\u00e9e en lithoth\u00e9rapie pour ses vertus de purification et d&rsquo;harmonisation. Particuli\u00e8rement lorsqu&rsquo;elle est orn\u00e9e du symbole de la Fleur de Vie, elle devient un outil pr\u00e9cieux pour le nettoyage \u00e9nerg\u00e9tique des min\u00e9raux, la m\u00e9ditation profonde, et la purification des lieux de vie.<\/p>\n<h1>Caract\u00e9ristiques :<\/h1>\n<p>Translucide, avec des veines d\u00e9licates qui semblent irradier une lumi\u00e8re int\u00e9rieure, la s\u00e9l\u00e9nite est souvent associ\u00e9e \u00e0 la puret\u00e9 et la clart\u00e9. La Fleur de Vie grav\u00e9e sur elle renforce ses qualit\u00e9s, symbolisant l&rsquo;unit\u00e9 et la connexion entre toutes les formes de vie.<\/p>\n<h1>Bienfaits :<\/h1>\n<p>&#8211; <strong><em><u>Nettoyage et Recharge<\/u><\/em><\/strong> :<\/p>\n<p>Elle offre une m\u00e9thode simple et efficace pour d\u00e9barrasser les pierres des \u00e9nergies n\u00e9gatives et les recharger.<\/p>\n<p>&#8211; <strong><em><u>M\u00e9ditation :<\/u><\/em><\/strong><\/p>\n<p>La s\u00e9l\u00e9nite favorise une connexion spirituelle profonde, aidant \u00e0 atteindre une paix et une harmonie int\u00e9rieures durant la m\u00e9ditation.<\/p>\n<p>&#8211; <strong><em><u>Purification des Espaces :<\/u><\/em><\/strong><\/p>\n<p>Sa pr\u00e9sence dans un espace contribue \u00e0 y maintenir une atmosph\u00e8re sereine et positive.<\/p>\n<h1>Conseils d&rsquo;utilisation :<\/h1>\n<p>&#8211; Utilisez la plaque pour la recharge nocturne des min\u00e9raux pour optimiser leur potentiel \u00e9nerg\u00e9tique.<\/p>\n<p>&#8211; Pendant la m\u00e9ditation, tenez-la ou placez-la \u00e0 proximit\u00e9 pour amplifier votre connexion \u00e9nerg\u00e9tique.<\/p>\n<p>&#8211; Installez-la dans des espaces pour en purifier et \u00e9lever l&rsquo;\u00e9nergie.<\/p>\n<h1>Provenance et Entretien :<\/h1>\n<p>Les gisements de s\u00e9l\u00e9nite se trouvent principalement dans des r\u00e9gions comme le Maroc, les \u00c9tats-Unis et la Gr\u00e8ce. Cette pierre, tout en \u00e9tant un puissant alli\u00e9 \u00e9nerg\u00e9tique, requiert une attention particuli\u00e8re : \u00e9vitez le contact avec l&rsquo;eau (ne fond pas mais ternie) privil\u00e9giez un nettoyage \u00e0 sec pour maintenir sa splendeur.<\/p>\n<p>La s\u00e9l\u00e9nite, avec son lien \u00e0 la lune et son origine \u00e9tymologique, n&rsquo;est pas seulement un objet de beaut\u00e9 naturelle mais aussi un compagnon spirituel enrichissant, soutenant le bien-\u00eatre \u00e9nerg\u00e9tique et contribuant \u00e0 une vie harmonieuse.<\/p>\n","protected":false},"excerpt":{"rendered":"<p>La s\u00e9l\u00e9nite: dont le nom d\u00e9rive du grec \u00ab\u00a0s\u00e9l\u00e9n\u00e9\u00a0\u00bb, signifiant lune, \u00e9voque la luminosit\u00e9 douce et le calme de son homonyme c\u00e9leste. Cette pierre est tr\u00e8s pris\u00e9e en lithoth\u00e9rapie pour ses vertus de purification et d&rsquo;harmonisation. Particuli\u00e8rement lorsqu&rsquo;elle est orn\u00e9e du symbole de la Fleur de Vie, elle devient un outil pr\u00e9cieux pour le nettoyage <a class=\"read-more\" href=\"https:\/\/ateliersdefred.fr\/?product=plaque-de-pierre-en-selenite\">READ MORE<\/a><\/p>\n","protected":false},"featured_media":1781,"comment_status":"open","ping_status":"closed","template":"","meta":[],"product_brand":[],"product_cat":[35,15,53,18],"product_tag":[],"class_list":{"0":"post-1785","1":"product","2":"type-product","3":"status-publish","4":"has-post-thumbnail","6":"product_cat-life","7":"product_cat-mineral","8":"product_cat-poli","9":"product_cat-lifeflower","11":"first","12":"instock","13":"shipping-taxable","14":"purchasable","15":"product-type-simple"},"jetpack-related-posts":[],"jetpack_sharing_enabled":true,"_links":{"self":[{"href":"https:\/\/ateliersdefred.fr\/index.php?rest_route=\/wp\/v2\/product\/1785","targetHints":{"allow":["GET"]}}],"collection":[{"href":"https:\/\/ateliersdefred.fr\/index.php?rest_route=\/wp\/v2\/product"}],"about":[{"href":"https:\/\/ateliersdefred.fr\/index.php?rest_route=\/wp\/v2\/types\/product"}],"replies":[{"embeddable":true,"href":"https:\/\/ateliersdefred.fr\/index.php?rest_route=%2Fwp%2Fv2%2Fcomments&post=1785"}],"wp:featuredmedia":[{"embeddable":true,"href":"https:\/\/ateliersdefred.fr\/index.php?rest_route=\/wp\/v2\/media\/1781"}],"wp:attachment":[{"href":"https:\/\/ateliersdefred.fr\/index.php?rest_route=%2Fwp%2Fv2%2Fmedia&parent=1785"}],"wp:term":[{"taxonomy":"product_brand","embeddable":true,"href":"https:\/\/ateliersdefred.fr\/index.php?rest_route=%2Fwp%2Fv2%2Fproduct_brand&post=1785"},{"taxonomy":"product_cat","embeddable":true,"href":"https:\/\/ateliersdefred.fr\/index.php?rest_route=%2Fwp%2Fv2%2Fproduct_cat&post=1785"},{"taxonomy":"product_tag","embeddable":true,"href":"https:\/\/ateliersdefred.fr\/index.php?rest_route=%2Fwp%2Fv2%2Fproduct_tag&post=1785"}],"curies":[{"name":"wp","href":"https:\/\/api.w.org\/{rel}","templated":true}]}}